{"id":701,"date":"2011-05-20T18:49:43","date_gmt":"2011-05-20T18:49:43","guid":{"rendered":"http:\/\/wpthemetestdata.wordpress.com\/?page_id=701"},"modified":"2023-05-29T10:27:29","modified_gmt":"2023-05-29T16:27:29","slug":"homepage-1","status":"publish","type":"page","link":"https:\/\/urucum-artes.org\/editorial\/","title":{"rendered":"Inicio"},"content":{"rendered":"<div class=\"wpb-content-wrapper\"><p>[vc_row full_width=&#8221;stretch_row_content_no_spaces&#8221;][vc_column]\n<div class=\"books-search\">\n\t<div class=\"container\">\n\t\t<form class=\"\" method=\"get\" action=\"https:\/\/urucum-artes.org\/editorial\/\">\n\t\t\t<div class=\"row\">\n\t\t\t\t<div class=\"col-sm-6 col-md-3\">\n\t\t\t\t\t<div class=\"form-group\">\n\t\t\t\t\t\t<input name=\"s\" value=\"\" type=\"text\" class=\"form-control\" id=\"keyword\" placeholder=\"T\u00edtulo\">\n\t\t\t\t\t<\/div>\n\t\t\t\t<\/div>\n\n\t\t\t\t\t\t\t\t<div class=\"col-sm-6 col-md-3\">\n\t\t\t\t\t<div class=\"form-group\">\n\t\t\t\t\t\t<select  name='product_cat' id='product_cat' class='form-control'>\n\t<option value='0'>Categor\u00eda<\/option>\n\t<option class=\"level-0\" value=\"formato\">Formato<\/option>\n\t<option class=\"level-1\" value=\"ebook\">&nbsp;&nbsp;&nbsp;Ebook<\/option>\n\t<option class=\"level-1\" value=\"papel\">&nbsp;&nbsp;&nbsp;Papel<\/option>\n\t<option class=\"level-0\" value=\"genero\">G\u00e9nero<\/option>\n\t<option class=\"level-1\" value=\"biografia\">&nbsp;&nbsp;&nbsp;Biograf\u00eda<\/option>\n\t<option class=\"level-1\" value=\"cuentos\">&nbsp;&nbsp;&nbsp;Cuentos<\/option>\n\t<option class=\"level-1\" value=\"ensayo\">&nbsp;&nbsp;&nbsp;Ensayo<\/option>\n\t<option class=\"level-1\" value=\"entrevistas\">&nbsp;&nbsp;&nbsp;Entrevistas<\/option>\n\t<option class=\"level-1\" value=\"novela\">&nbsp;&nbsp;&nbsp;Novela<\/option>\n\t<option class=\"level-0\" value=\"idioma\">Idioma<\/option>\n\t<option class=\"level-1\" value=\"english\">&nbsp;&nbsp;&nbsp;English<\/option>\n\t<option class=\"level-1\" value=\"espanol\">&nbsp;&nbsp;&nbsp;Espa\u00f1ol<\/option>\n\t<option class=\"level-1\" value=\"mam\">&nbsp;&nbsp;&nbsp;Mam<\/option>\n\t<option class=\"level-1\" value=\"portugues\">&nbsp;&nbsp;&nbsp;Portugu\u00eas<\/option>\n<\/select>\n\t\t\t\t\t\t<i class='select-arrow fa fa-angle-down'><\/i>\n\t\t\t\t\t<\/div>\n\t\t\t\t<\/div>\n\t\t\t\t\n\t\t\t\t\t\t\t\t<div class=\"col-sm-6 col-md-3\">\n\t\t\t\t\t<div class=\"form-group\">\n\t\t\t\t\t\t<select  name='book_author' id='book_author' class='form-control'>\n\t<option value='0'>Autor<\/option>\n\t<option class=\"level-0\" value=\"alejandro-reyes\">Alejandro Reyes<\/option>\n\t<option class=\"level-0\" value=\"gayle-walker\">Gayle Walker<\/option>\n\t<option class=\"level-0\" value=\"jose-osbaldo-garcia-munoz\">Jos\u00e9 Osbaldo Garc\u00eda Mu\u00f1oz<\/option>\n\t<option class=\"level-0\" value=\"xunka\">Juana Mar\u00eda Ruiz Ortiz<\/option>\n\t<option class=\"level-0\" value=\"kiki-suarez\">Kiki Su\u00e1rez<\/option>\n\t<option class=\"level-0\" value=\"luciana-accioly\">Luciana Accioly<\/option>\n<\/select>\n\t\t\t\t\t\t<i class='select-arrow fa fa-angle-down'><\/i>\n\t\t\t\t\t<\/div>\n\t\t\t\t<\/div>\n\t\t\t\t\t\n\t\t\t\t<div class=\"col-sm-6 col-md-3\">\n\t\t\t\t\t<div class=\"form-group\">\n\t\t\t\t\t\t<input type=\"hidden\" name=\"post_type\" value=\"product\" \/>\n\t\t\t\t\t\t<button type=\"submit\" class=\"btn btn-primary btn-block\">\n\t\t\t\t\t\t\t<i class=\"fa fa-search\"><\/i> &nbsp; \n\t\t\t\t\t\t\tBuscar\t\t\t\t\t\t<\/button>\n\t\t\t\t\t<\/div>\n\t\t\t\t<\/div>\n\n\t\t\t<\/div>\n\t\t<\/form>\n\t<\/div>\n<\/div>\n[\/vc_column][\/vc_row][vc_row full_width=&#8221;stretch_row_content_no_spaces&#8221;][vc_column][vc_cta h2=&#8221;Urucum Ediciones&#8221; txt_align=&#8221;center&#8221; style=&#8221;3d&#8221; el_width=&#8221;md&#8221;]Somos una editorial independiente fundada por un peque\u00f1o grupo de personas que pensamos que, en los tiempos dif\u00edciles por los que pasa el planeta, la literatura y el pensamiento cr\u00edtico son fundamentales. Creamos este espacio que nos permite publicar libros que nos parecen importantes, pero que muchas veces no tienen cabida en un mercado editorial orientado primordialmente por el lucro. Nos interesa publicar diferentes g\u00e9neros, con particular \u00e9nfasis en la literatura contempor\u00e1nea y el pensamiento cr\u00edtico, sobre todo relacionado a las epistemolog\u00edas ind\u00edgenas y afro y otras en los s\u00f3tanos y m\u00e1rgenes de nuestro mundo.<\/p>\n<p>En nuestra librer\u00eda encontrar\u00e1s tambi\u00e9n t\u00edtulos de otras editoriales con un sentido similar a nuestras publicaciones, que pensamos que pueden contribuir a sentipensar nuestro mundo y nuestra contemporaneidad.<\/p>\n<p><em>Urucum Ediciones es un sello editorial de <a href=\"https:\/\/urucum-artes.org\" target=\"_blank\" rel=\"noopener\">Urucum Artes Colaborativas<\/a>.<\/em>[\/vc_cta][\/vc_column][\/vc_row][vc_row full_width=&#8221;stretch_row&#8221; css=&#8221;.vc_custom_1453113651999{margin-bottom: 0px !important;padding-top: 20px !important;padding-bottom: 60px !important;background-color: #ffffff !important;}&#8221;][vc_column css=&#8221;.vc_custom_1453112775660{padding-right: 50px !important;}&#8221;]\t\t<div class=\"toko-featured-book style-2\">\n\t\t<div class=\"row\">\n\t\t\t<div class=\"row-md-height\">\n\t\t\t\t<div class=\"col-md-6 col-sm-6 col-md-height col-md-middle\">\n\t\t\t\t\t<div class=\"inside\">\n\t\t\t\t\t\t<p class=\"book-label\">Novedad<\/p>\n\t\t\t\t\t\t<h2 class=\"book-title\">Memorias del olvido<\/h2>\n\t\t\t\t\t\t<p class=\"book-author-name\">Alejandro Reyes<\/p>\n\t\t\t\t\t<\/div>\n\t\t\t\t\t<div class=\"inside inside-book-description\">\n\t\t\t\t\t\t<\/p>\n<p>Belinda no sabe qui\u00e9n es. Migrante brasile\u00f1a, perdi\u00f3 la memoria en su traves\u00eda por M\u00e9xico rumbo a Estados Unidos y sobrevive en las calles de Los \u00c1ngeles y despu\u00e9s San Francisco. Jairo, migrante mexicano de Chiapas, la cuida y la ama, pero guarda un secreto terrible. En las calles de Skid Row conocen a Tyler, una joven chicana, rabiosa y apasionada, con una obsesi\u00f3n: reencontrar a la madre que nunca conoci\u00f3.<\/p>\n<p>Herminia es una mujer cuarentona que huye de Veracruz tras la muerte de su marido y sus hijos a manos del narco. En el tren llamado La Bestia, viaja rumbo al norte en busca de lo \u00fanico que le queda: la hija que le arrebataron cuando la deportaron de San Francisco hace diecis\u00e9is a\u00f1os, y a quien nunca volvi\u00f3 a ver. Ella tambi\u00e9n tiene un secreto, y su llegada alterar\u00e1 la vida de Jairo, Tyler y Belinda.<\/p>\n<p>Inspirada en hechos reales, Memorias del olvido es una novela sobre la migraci\u00f3n, el desarraigo, la p\u00e9rdida de los seres queridos, la violencia, la memoria y el olvido. Narrada en un lenguaje que mezcla el espanglish, diferentes registros del espa\u00f1ol migrante y las tonalidades del portugu\u00e9s brasile\u00f1o, la novela teje un complejo paisaje del dolor, la resistencia, la violencia, el amor y la esperanza, en la vor\u00e1gine de la migraci\u00f3n.<\/p>\n\t\t\t\t\t<\/div>\n\t\t\t\t\t<p class=\"book-button-wrap\">\n\t\t\t\t\t\t<a class=\"book-button btn btn-primary\" href=\"https:\/\/urucum-artes.org\/editorial\/product\/memorias-del-olvido\/\">Comprar<\/a>\n\t\t\t\t\t<\/p>\n\t\t\t\t<\/div>\n\t\t\t\t<div class=\"col-md-6 col-sm-6 col-md-height col-md-middle\">\n\t\t\t\t\t<div class=\"inside inside-book-cover\">\n\t\t\t\t\t\t<img data-recalc-dims=\"1\" loading=\"lazy\" decoding=\"async\" class=\"book-image\" width=\"339\" height=\"480\" src=\"https:\/\/i0.wp.com\/urucum-artes.org\/editorial\/wp-content\/uploads\/2023\/05\/memorias-del-olvido-portada.jpg?resize=339%2C480&#038;ssl=1\" alt=\"Memorias del olvido\">\n\t\t\t\t\t<\/div>\n\t\t\t\t<\/div>\n\t\t\t<\/div>\n\t\t<\/div>\n\t<\/div>\n\t\t[\/vc_column][\/vc_row][vc_row full_width=&#8221;stretch_row&#8221; css=&#8221;.vc_custom_1453093155486{margin-bottom: 0px !important;padding-bottom: 60px !important;background-color: #edf3f4 !important;}&#8221;][vc_column]\n\t<style type=\"text\/css\">\n\t\t.divider-69f48d3d5ff5c.toko-divider.line-yes .divider-inner { background-color:#edf3f4; }\n\t\t.divider-69f48d3d5ff5c.toko-divider.line-yes:before { background-color:#ecad25; }\n\t\t.divider-69f48d3d5ff5c.toko-divider .divider-inner h3 { color:#222222; }\n\t\t.divider-69f48d3d5ff5c.toko-divider .divider-inner p.paragraf { color:#969595; }\n\t\t.divider-69f48d3d5ff5c.toko-divider .divider-inner span { color:#5f5f5f; }\n\t<\/style>\n\n\n\t<div class=\"toko-divider divider-69f48d3d5ff5c text-center line-no icon-hide\">\n\n\t\t\t\t\t<div class=\"divider-inner\">\n\t\t\n\t\t<h3 class=\"toko-section-title\">Libros Recientes<\/h3>\n\t\t\n\t\t\t\t\t<\/div>\n\t\t\t<\/div>\n\n\t\n\t<div class=\"toko-woocommerce woocommerce columns-4 toko-no-carousel clearfix\">\n\n\t\n\t\t<ul class=\"products \" id=\"toko-carousel-597\">\n\n\t\t\t\n\t\t\t\t<li class=\"product type-product post-3244 status-publish first instock product_cat-cuentos product_cat-ebook product_cat-espanol product_cat-mam product_tag-chiapas product_tag-cuentos product_tag-literatura-indigena has-post-thumbnail downloadable virtual purchasable product-type-simple\">\n\t<a href=\"https:\/\/urucum-artes.org\/editorial\/product\/mujbal-ebook\/\" class=\"woocommerce-LoopProduct-link woocommerce-loop-product__link\"><img loading=\"lazy\" decoding=\"async\" width=\"250\" height=\"333\" src=\"https:\/\/i0.wp.com\/urucum-artes.org\/editorial\/wp-content\/uploads\/2023\/12\/Portada3-Mujbal_sm.jpg?resize=250%2C333&amp;ssl=1\" class=\"attachment-woocommerce_thumbnail size-woocommerce_thumbnail\" alt=\"Mujbal (eBook)\" srcset=\"https:\/\/i0.wp.com\/urucum-artes.org\/editorial\/wp-content\/uploads\/2023\/12\/Portada3-Mujbal_sm.jpg?resize=250%2C333&amp;ssl=1 250w, https:\/\/i0.wp.com\/urucum-artes.org\/editorial\/wp-content\/uploads\/2023\/12\/Portada3-Mujbal_sm.jpg?zoom=2&amp;resize=250%2C333&amp;ssl=1 500w, https:\/\/i0.wp.com\/urucum-artes.org\/editorial\/wp-content\/uploads\/2023\/12\/Portada3-Mujbal_sm.jpg?zoom=3&amp;resize=250%2C333&amp;ssl=1 750w\" sizes=\"auto, (max-width: 250px) 100vw, 250px\" \/><h2 class=\"woocommerce-loop-product__title\">Mujbal (eBook)<\/h2>\n\t<span class=\"price\"><span class=\"woocommerce-Price-amount amount\"><bdi><span class=\"woocommerce-Price-currencySymbol\">&#36;<\/span>60.00<\/bdi><\/span><\/span>\n<\/a><a href=\"\/editorial\/wp-json\/wp\/v2\/pages\/701?add-to-cart=3244\" aria-describedby=\"woocommerce_loop_add_to_cart_link_describedby_3244\" data-quantity=\"1\" class=\"button product_type_simple add_to_cart_button ajax_add_to_cart\" data-product_id=\"3244\" data-product_sku=\"\" aria-label=\"Add to cart: &ldquo;Mujbal (eBook)&rdquo;\" rel=\"nofollow\" data-success_message=\"&ldquo;Mujbal (eBook)&rdquo; has been added to your cart\" role=\"button\">A\u00f1adir al carrito<\/a>\t<span id=\"woocommerce_loop_add_to_cart_link_describedby_3244\" class=\"screen-reader-text\">\n\t\t\t<\/span>\n<\/li>\n\n\t\t\t\n\t\t\t\t<li class=\"product type-product post-3239 status-publish instock product_cat-cuentos product_cat-espanol product_cat-mam product_cat-papel product_tag-cuentos product_tag-espanol product_tag-literatura-indigena product_tag-mam product_tag-mames has-post-thumbnail shipping-taxable purchasable product-type-simple\">\n\t<a href=\"https:\/\/urucum-artes.org\/editorial\/product\/mujbal\/\" class=\"woocommerce-LoopProduct-link woocommerce-loop-product__link\"><img loading=\"lazy\" decoding=\"async\" width=\"250\" height=\"333\" src=\"https:\/\/i0.wp.com\/urucum-artes.org\/editorial\/wp-content\/uploads\/2023\/12\/Portada3-Mujbal_sm.jpg?resize=250%2C333&amp;ssl=1\" class=\"attachment-woocommerce_thumbnail size-woocommerce_thumbnail\" alt=\"Mujbal\" srcset=\"https:\/\/i0.wp.com\/urucum-artes.org\/editorial\/wp-content\/uploads\/2023\/12\/Portada3-Mujbal_sm.jpg?resize=250%2C333&amp;ssl=1 250w, https:\/\/i0.wp.com\/urucum-artes.org\/editorial\/wp-content\/uploads\/2023\/12\/Portada3-Mujbal_sm.jpg?zoom=2&amp;resize=250%2C333&amp;ssl=1 500w, https:\/\/i0.wp.com\/urucum-artes.org\/editorial\/wp-content\/uploads\/2023\/12\/Portada3-Mujbal_sm.jpg?zoom=3&amp;resize=250%2C333&amp;ssl=1 750w\" sizes=\"auto, (max-width: 250px) 100vw, 250px\" \/><h2 class=\"woocommerce-loop-product__title\">Mujbal<\/h2>\n\t<span class=\"price\"><span class=\"woocommerce-Price-amount amount\"><bdi><span class=\"woocommerce-Price-currencySymbol\">&#36;<\/span>250.00<\/bdi><\/span><\/span>\n<\/a><a href=\"\/editorial\/wp-json\/wp\/v2\/pages\/701?add-to-cart=3239\" aria-describedby=\"woocommerce_loop_add_to_cart_link_describedby_3239\" data-quantity=\"1\" class=\"button product_type_simple add_to_cart_button ajax_add_to_cart\" data-product_id=\"3239\" data-product_sku=\"\" aria-label=\"Add to cart: &ldquo;Mujbal&rdquo;\" rel=\"nofollow\" data-success_message=\"&ldquo;Mujbal&rdquo; has been added to your cart\" role=\"button\">A\u00f1adir al carrito<\/a>\t<span id=\"woocommerce_loop_add_to_cart_link_describedby_3239\" class=\"screen-reader-text\">\n\t\t\t<\/span>\n<\/li>\n\n\t\t\t\n\t\t\t\t<li class=\"product type-product post-3220 status-publish instock product_cat-ebook product_cat-espanol product_cat-novela product_tag-migracion product_tag-novela has-post-thumbnail sale downloadable virtual purchasable product-type-simple\">\n\t<a href=\"https:\/\/urucum-artes.org\/editorial\/product\/memorias-del-olvido-ebook\/\" class=\"woocommerce-LoopProduct-link woocommerce-loop-product__link\">\n\t<span class=\"onsale\">\u00a1Oferta!<\/span>\n\t<img loading=\"lazy\" decoding=\"async\" width=\"250\" height=\"333\" src=\"https:\/\/i0.wp.com\/urucum-artes.org\/editorial\/wp-content\/uploads\/2023\/05\/memorias-del-olvido-portada-sm.png?resize=250%2C333&amp;ssl=1\" class=\"attachment-woocommerce_thumbnail size-woocommerce_thumbnail\" alt=\"Memorias del olvido\" srcset=\"https:\/\/i0.wp.com\/urucum-artes.org\/editorial\/wp-content\/uploads\/2023\/05\/memorias-del-olvido-portada-sm.png?resize=250%2C333&amp;ssl=1 250w, https:\/\/i0.wp.com\/urucum-artes.org\/editorial\/wp-content\/uploads\/2023\/05\/memorias-del-olvido-portada-sm.png?zoom=2&amp;resize=250%2C333&amp;ssl=1 500w, https:\/\/i0.wp.com\/urucum-artes.org\/editorial\/wp-content\/uploads\/2023\/05\/memorias-del-olvido-portada-sm.png?zoom=3&amp;resize=250%2C333&amp;ssl=1 750w\" sizes=\"auto, (max-width: 250px) 100vw, 250px\" \/><h2 class=\"woocommerce-loop-product__title\">Memorias del olvido (eBook)<\/h2>\n\t<span class=\"price\"><del aria-hidden=\"true\"><span class=\"woocommerce-Price-amount amount\"><bdi><span class=\"woocommerce-Price-currencySymbol\">&#36;<\/span>70.00<\/bdi><\/span><\/del> <span class=\"screen-reader-text\">Original price was: &#036;70.00.<\/span><ins aria-hidden=\"true\"><span class=\"woocommerce-Price-amount amount\"><bdi><span class=\"woocommerce-Price-currencySymbol\">&#36;<\/span>60.00<\/bdi><\/span><\/ins><span class=\"screen-reader-text\">Current price is: &#036;60.00.<\/span><\/span>\n<\/a><a href=\"\/editorial\/wp-json\/wp\/v2\/pages\/701?add-to-cart=3220\" aria-describedby=\"woocommerce_loop_add_to_cart_link_describedby_3220\" data-quantity=\"1\" class=\"button product_type_simple add_to_cart_button ajax_add_to_cart\" data-product_id=\"3220\" data-product_sku=\"\" aria-label=\"Add to cart: &ldquo;Memorias del olvido (eBook)&rdquo;\" rel=\"nofollow\" data-success_message=\"&ldquo;Memorias del olvido (eBook)&rdquo; has been added to your cart\" role=\"button\">A\u00f1adir al carrito<\/a>\t<span id=\"woocommerce_loop_add_to_cart_link_describedby_3220\" class=\"screen-reader-text\">\n\t\t\t<\/span>\n<\/li>\n\n\t\t\t\n\t\t\t\t<li class=\"product type-product post-3217 status-publish last instock product_cat-espanol product_cat-novela product_cat-papel product_tag-migracion product_tag-novela has-post-thumbnail sale shipping-taxable purchasable product-type-simple\">\n\t<a href=\"https:\/\/urucum-artes.org\/editorial\/product\/memorias-del-olvido\/\" class=\"woocommerce-LoopProduct-link woocommerce-loop-product__link\">\n\t<span class=\"onsale\">\u00a1Oferta!<\/span>\n\t<img loading=\"lazy\" decoding=\"async\" width=\"250\" height=\"333\" src=\"https:\/\/i0.wp.com\/urucum-artes.org\/editorial\/wp-content\/uploads\/2023\/05\/memorias-del-olvido-portada-sm.png?resize=250%2C333&amp;ssl=1\" class=\"attachment-woocommerce_thumbnail size-woocommerce_thumbnail\" alt=\"Memorias del olvido\" srcset=\"https:\/\/i0.wp.com\/urucum-artes.org\/editorial\/wp-content\/uploads\/2023\/05\/memorias-del-olvido-portada-sm.png?resize=250%2C333&amp;ssl=1 250w, https:\/\/i0.wp.com\/urucum-artes.org\/editorial\/wp-content\/uploads\/2023\/05\/memorias-del-olvido-portada-sm.png?zoom=2&amp;resize=250%2C333&amp;ssl=1 500w, https:\/\/i0.wp.com\/urucum-artes.org\/editorial\/wp-content\/uploads\/2023\/05\/memorias-del-olvido-portada-sm.png?zoom=3&amp;resize=250%2C333&amp;ssl=1 750w\" sizes=\"auto, (max-width: 250px) 100vw, 250px\" \/><h2 class=\"woocommerce-loop-product__title\">Memorias del olvido<\/h2>\n\t<span class=\"price\"><del aria-hidden=\"true\"><span class=\"woocommerce-Price-amount amount\"><bdi><span class=\"woocommerce-Price-currencySymbol\">&#36;<\/span>270.00<\/bdi><\/span><\/del> <span class=\"screen-reader-text\">Original price was: &#036;270.00.<\/span><ins aria-hidden=\"true\"><span class=\"woocommerce-Price-amount amount\"><bdi><span class=\"woocommerce-Price-currencySymbol\">&#36;<\/span>250.00<\/bdi><\/span><\/ins><span class=\"screen-reader-text\">Current price is: &#036;250.00.<\/span><\/span>\n<\/a><a href=\"\/editorial\/wp-json\/wp\/v2\/pages\/701?add-to-cart=3217\" aria-describedby=\"woocommerce_loop_add_to_cart_link_describedby_3217\" data-quantity=\"1\" class=\"button product_type_simple add_to_cart_button ajax_add_to_cart\" data-product_id=\"3217\" data-product_sku=\"\" aria-label=\"Add to cart: &ldquo;Memorias del olvido&rdquo;\" rel=\"nofollow\" data-success_message=\"&ldquo;Memorias del olvido&rdquo; has been added to your cart\" role=\"button\">A\u00f1adir al carrito<\/a>\t<span id=\"woocommerce_loop_add_to_cart_link_describedby_3217\" class=\"screen-reader-text\">\n\t\t\t<\/span>\n<\/li>\n\n\t\t\t\n\t\t<\/ul>\n\n\t\t\t\t\n\t\t\n\t\n\t<\/div>\n\n\t[\/vc_column][\/vc_row][vc_row][vc_column]\n\t<style type=\"text\/css\">\n\t\t.cta-69f48d3d62af8.toko-cta .toko-cta-title { color: #222222; }\n\t\t.cta-69f48d3d62af8.toko-cta .toko-cta-description { color: #9c9c9c; }\n\t\t.cta-69f48d3d62af8.toko-cta a.toko-cta-button { background-color: #ecad25; }\n\t\t.cta-69f48d3d62af8.toko-cta a.toko-cta-button:hover { background-color: #dda326; }\n\t\t.cta-69f48d3d62af8.toko-cta a.toko-cta-button { color: #ffffff; }\n\t\t.cta-69f48d3d62af8.toko-cta a.toko-cta-button:hover { color: #ffffff !important; }\n\t\t.cta-69f48d3d62af8.toko-cta .toko-cta-title { border-bottom-color: #9c9c9c; }\n\t<\/style>\n\n\t<div class=\"toko-cta cta-69f48d3d62af8 text-center\">\n\t\t\t\t    \t\t        <h2 class=\"toko-cta-title\">Toda nuestra librer\u00eda<\/h2>\n\t\t    \n\t\t\t\t\t\n        \t        <a href=\"https:\/\/urucum-artes.org\/editorial\/libreria\/\" class=\"toko-cta-button\">VE NUESTRA COLECCI\u00d3N<\/a>\n\t        <\/div>\n\n\t[\/vc_column][\/vc_row]<\/p>\n<\/div>","protected":false},"excerpt":{"rendered":"<p>[vc_row full_width=&#8221;stretch_row_content_no_spaces&#8221;][vc_column][\/vc_column][\/vc_row][vc_row full_width=&#8221;stretch_row_content_no_spaces&#8221;][vc_column][vc_cta h2=&#8221;Urucum Ediciones&#8221; txt_align=&#8221;center&#8221; style=&#8221;3d&#8221; el_width=&#8221;md&#8221;]Somos una editorial independiente fundada por un peque\u00f1o grupo de personas que pensamos que, en los tiempos dif\u00edciles por los que pasa el planeta, la literatura y el pensamiento cr\u00edtico son fundamentales. Creamos este espacio que nos permite publicar libros que nos parecen importantes, pero que muchas veces [&hellip;]<\/p>\n","protected":false},"author":2,"featured_media":0,"parent":0,"menu_order":0,"comment_status":"open","ping_status":"closed","template":"page_visual_composer.php","meta":{"nf_dc_page":"","om_disable_all_campaigns":false,"_monsterinsights_skip_tracking":false,"_monsterinsights_sitenote_active":false,"_monsterinsights_sitenote_note":"","_monsterinsights_sitenote_category":0,"footnotes":""},"class_list":["post-701","page","type-page","status-publish","entry"],"jetpack_sharing_enabled":true,"jetpack_likes_enabled":true,"_links":{"self":[{"href":"https:\/\/urucum-artes.org\/editorial\/wp-json\/wp\/v2\/pages\/701","targetHints":{"allow":["GET"]}}],"collection":[{"href":"https:\/\/urucum-artes.org\/editorial\/wp-json\/wp\/v2\/pages"}],"about":[{"href":"https:\/\/urucum-artes.org\/editorial\/wp-json\/wp\/v2\/types\/page"}],"author":[{"embeddable":true,"href":"https:\/\/urucum-artes.org\/editorial\/wp-json\/wp\/v2\/users\/2"}],"replies":[{"embeddable":true,"href":"https:\/\/urucum-artes.org\/editorial\/wp-json\/wp\/v2\/comments?post=701"}],"version-history":[{"count":5,"href":"https:\/\/urucum-artes.org\/editorial\/wp-json\/wp\/v2\/pages\/701\/revisions"}],"predecessor-version":[{"id":3229,"href":"https:\/\/urucum-artes.org\/editorial\/wp-json\/wp\/v2\/pages\/701\/revisions\/3229"}],"wp:attachment":[{"href":"https:\/\/urucum-artes.org\/editorial\/wp-json\/wp\/v2\/media?parent=701"}],"curies":[{"name":"wp","href":"https:\/\/api.w.org\/{rel}","templated":true}]}}